{"id":148899,"date":"2026-08-31T16:33:36","date_gmt":"2026-08-31T14:33:36","guid":{"rendered":"https:\/\/aiguasol.coop\/?post_type=portfolio&#038;p=148899"},"modified":"2026-09-01T10:42:39","modified_gmt":"2026-09-01T08:42:39","slug":"aiguasol-al-projecte-biocafa-impulsant-un-model-de-bioeconomia-circular-a-la-terra-alta","status":"publish","type":"portfolio","link":"https:\/\/aiguasol.coop\/ca\/project\/aiguasol-al-projecte-biocafa-impulsant-un-model-de-bioeconomia-circular-a-la-terra-alta\/","title":{"rendered":"Aiguasol al projecte BIOCAFA: impulsant un model de bioeconomia circular a la Terra Alta"},"content":{"rendered":"<div class=\"wpb-content-wrapper\"><p>[vc_row][vc_column width=\u00bb1\/1&#8243;][vc_column_text uncode_shortcode_id=\u00bb676958&#8243;]<span style=\"font-weight: 400;\">La comarca de la Terra Alta es troba davant de diversos desafiaments estructurals rellevants, com ara la disminuci\u00f3 de poblaci\u00f3, l\u2019envelliment progressiu dels seus habitants i una base industrial limitada que dificulta la generaci\u00f3 de noves oportunitats econ\u00f2miques. Al mateix temps, l\u2019acumulaci\u00f3 de residus agr\u00edcoles i forestals, sovint sense una gesti\u00f3 \u00f2ptima, comporta riscos ambientals i costos afegits per als productors locals.<\/span><\/p>\n<p><span style=\"font-weight: 400;\">En aquest escenari sorgeix <\/span><b>BIOCAFA \u2013 Biopol\u00edgon Les Camposines,<\/b><span style=\"font-weight: 400;\"> una iniciativa orientada a convertir aquests reptes en palanques de desenvolupament mitjan\u00e7ant un model de bioeconomia circular. El projecte t\u00e9 com a finalitat crear un ecosistema productiu de proximitat capa\u00e7 de transformar recursos agroforestals infrautilitzats en energia renovable, bioproductes i fertilitzants org\u00e0nics.<\/span><\/p>\n<p><span style=\"font-weight: 400;\">La iniciativa es desplega a La Fatarella i la seva \u00e0rea d\u2019influ\u00e8ncia, dins les Zones de Transici\u00f3 Nuclear (ZTN) de Catalunya, especialment afectades pel previst tancament de les centrals nuclears d\u2019Asc\u00f3 i Vandell\u00f2s.\u00a0<\/span><\/p>\n<p><span style=\"font-weight: 400;\">Amb el suport d\u2019<\/span><a href=\"https:\/\/www.accio.gencat.cat\/ca\/inici\/index.html\"><span style=\"font-weight: 400;\">ACCI\u00d3<\/span><\/a><span style=\"font-weight: 400;\">, el projecte est\u00e0 liderat pel <\/span><a href=\"https:\/\/www.clusterbioenergia.cat\/\"><span style=\"font-weight: 400;\">Cl\u00faster de la Bioenergia de Catalunya (CBC)<\/span><\/a><span style=\"font-weight: 400;\">, amb el suport t\u00e8cnic de <\/span><a href=\"https:\/\/www.reset2050.com\/\"><span style=\"font-weight: 400;\">Reset 2050<\/span><\/a><span style=\"font-weight: 400;\">, Uscala Blue, SD Verdia i <\/span><a href=\"https:\/\/simbiosy.com\/\"><span style=\"font-weight: 400;\">Simbiosy<\/span><\/a><span style=\"font-weight: 400;\">, i la participaci\u00f3 de cooperatives locals amb una s\u00f2lida implantaci\u00f3 al territori, com Agr\u00edcola Sant Isidre de la Fatarella i Energia del B\u00e9 Com\u00fa (EnBeCo). Aquesta alian\u00e7a combina expertesa t\u00e8cnica, capacitat industrial i coneixement del territori per impulsar una iniciativa amb clara vocaci\u00f3 transformadora.<\/span><\/p>\n<h1><b>Un model col\u00b7laboratiu amb arrelament territorial\u00a0<\/b><\/h1>\n<p><span style=\"font-weight: 400;\">BIOCAFA s\u2019articula a trav\u00e9s de diverses accions estrat\u00e8giques que configuren un model productiu i energ\u00e8tic integrat:<\/span><\/p>\n<ul>\n<li style=\"font-weight: 400;\" aria-level=\"1\"><b>Comunitat energ\u00e8tica local<\/b><b><br \/>\n<\/b><span style=\"font-weight: 400;\">Desenvolupament de serveis energ\u00e8tics h\u00edbrids a trav\u00e9s de la cooperativa, tant el\u00e8ctrics com t\u00e8rmics, amb l\u2019objectiu d\u2019assolir una cobertura de fins al 70 % de la demanda energ\u00e8tica local mitjan\u00e7ant fonts renovables.<\/span><\/li>\n<li style=\"font-weight: 400;\" aria-level=\"1\"><b>Gesti\u00f3 sostenible de la biomassa agroforestal<\/b><b><br \/>\n<\/b><span style=\"font-weight: 400;\">Recollida, tractament i valoritzaci\u00f3 de fins a 30.000 tones anuals de biomassa, aplicant criteris de proximitat, sostenibilitat i efici\u00e8ncia en la gesti\u00f3 del territori.<\/span><\/li>\n<li style=\"font-weight: 400;\" aria-level=\"1\"><b>Biopol\u00edgon industrial autosuficient<\/b><b><br \/>\n<\/b><span style=\"font-weight: 400;\">Creaci\u00f3 d\u2019un centre productiu capa\u00e7 de generar energia renovable, bioproductes i fertilitzants naturals, amb models de negoci replicables en altres territoris.<\/span><\/li>\n<\/ul>\n<h1><b>La contribuci\u00f3 d\u2019Aiguasol<\/b><\/h1>\n<p><span style=\"font-weight: 400;\">En el marc de BIOCAFA, des d\u2019Aiguasol aportem la nostra experi\u00e8ncia en sistemes energ\u00e8tics locals, com s\u00f3n les xarxes de calor, i en el desenvolupament de models de negoci vinculats a infraestructures sostenibles.<\/span><\/p>\n<p><b>El nostre treball se centra en l\u2019an\u00e0lisi de la viabilitat t\u00e8cnica i econ\u00f2mica de l\u2019actual xarxa de calor i la seva futura ampliaci\u00f3 a escala municipal, una pe\u00e7a clau per connectar la producci\u00f3 energ\u00e8tica del biopol\u00edgon amb la demanda local. <\/b><span style=\"font-weight: 400;\">En concret, des d\u2019Aiguasol:<\/span><\/p>\n<ul>\n<li style=\"font-weight: 400;\" aria-level=\"1\"><span style=\"font-weight: 400;\">Analitzem la viabilitat econ\u00f2mica i el dimensionament de la de xarxa de calor per plantejar un model municipal de servei energ\u00e8tic.<\/span><\/li>\n<li style=\"font-weight: 400;\" aria-level=\"1\"><span style=\"font-weight: 400;\">Estudiem els costos d\u2019acc\u00e9s i \u00fas per als diferents perfils d\u2019usuaris, i els comparem amb altres alternatives per cobrir demandes de calor, com per exemple instal\u00b7lar calderes de biomassa individuals o bombes de calor amb aerot\u00e8rmia.<\/span><\/li>\n<li style=\"font-weight: 400;\" aria-level=\"1\"><span style=\"font-weight: 400;\">Oferim les bases per dissenyar un model sostenible i escalable, amb capacitat de replicaci\u00f3 en altres territoris.<\/span><\/li>\n<\/ul>\n<p><span style=\"font-weight: 400;\">Aquest enfocament ens permet garantir que la infraestructura energ\u00e8tica sigui no nom\u00e9s viable des del punt de vista t\u00e8cnic, sin\u00f3 tamb\u00e9 econ\u00f2micament sostenible i accessible per a la comunitat local. A escala municipal, les dues alternatives m\u00e9s favorables, amb resultats similars, s\u00f3n:<\/span><\/p>\n<ul>\n<li style=\"font-weight: 400;\" aria-level=\"1\"><span style=\"font-weight: 400;\">L\u2019aerot\u00e8rmia combinada amb autoconsum col\u00b7lectiu a trav\u00e9s d\u2019una Comunitat Energ\u00e8tica.<\/span><\/li>\n<li style=\"font-weight: 400;\" aria-level=\"1\"><span style=\"font-weight: 400;\">Una xarxa de calor a gran escala, d\u2019acord amb el Pla Director,\u00a0 finan\u00e7ada i gestionada per l\u2019Ajuntament.<\/span><\/li>\n<\/ul>\n<h1><b>Una estrat\u00e8gia de desenvolupament rural<\/b><\/h1>\n<p><span style=\"font-weight: 400;\">El projecte planteja assolir impactes concrets al territori, entre els quals destaquen:<\/span><\/p>\n<ul>\n<li style=\"font-weight: 400;\" aria-level=\"1\"><span style=\"font-weight: 400;\">Una cobertura de fins al 70 % de la demanda energ\u00e8tica local amb fonts renovables.<\/span><\/li>\n<li style=\"font-weight: 400;\" aria-level=\"1\"><span style=\"font-weight: 400;\">La valoritzaci\u00f3 de fins a 30.000 tones anuals de biomassa agroforestal.<\/span><\/li>\n<li style=\"font-weight: 400;\" aria-level=\"1\"><span style=\"font-weight: 400;\">El desenvolupament de models replicables per a altres Zones de Transici\u00f3 Nuclear.<\/span><\/li>\n<li style=\"font-weight: 400;\" aria-level=\"1\"><span style=\"font-weight: 400;\">La transfer\u00e8ncia de coneixement i bones pr\u00e0ctiques a territoris en proc\u00e9s de transici\u00f3 energ\u00e8tica.<\/span><\/li>\n<\/ul>\n<p><span style=\"font-weight: 400;\">M\u00e9s enll\u00e0 dels resultats immediats, el projecte representa una nova aproximaci\u00f3 al desenvolupament territorial, basada en la valoritzaci\u00f3 dels recursos locals, la producci\u00f3 d\u2019energia neta i la cooperaci\u00f3 entre agents p\u00fablics i privats. Amb iniciatives com BIOCAFA, la Terra Alta avan\u00e7a cap a un model energ\u00e8tic m\u00e9s resilient, sostenible i arrelat al territori, generant noves oportunitats econ\u00f2miques i refor\u00e7ant la cohesi\u00f3 social.<\/span><\/p>\n<p><span style=\"font-weight: 400;\">\ud83d\udc49<\/span><span style=\"font-weight: 400;\">Descobreix m\u00e9s projectes estrat\u00e8gics a la Zona de Transici\u00f3 Nuclear aqu\u00ed: <\/span><a href=\"https:\/\/www.youtube.com\/watch?v=_QCTHmF6LbY\"><span style=\"font-weight: 400;\">https:\/\/www.youtube.com\/watch?v=_QCTHmF6LbY<\/span><\/a>[\/vc_column_text][\/vc_column][\/vc_row][vc_row][vc_column width=\u00bb1\/1&#8243;][vc_single_image media=\u00bb148896&#8243; media_width_percent=\u00bb100&#8243; uncode_shortcode_id=\u00bb114785&#8243;][\/vc_column][\/vc_row]<\/p>\n<\/div>","protected":false},"excerpt":{"rendered":"<p>Participem en el projecte BIOCAFA (liderat pel Cl\u00faster de la Bioenergia de Catalunya) aportant la nostra experi\u00e8ncia en la viabilitat i desenvolupament de models de negoci per a xarxes de calor.<\/p>\n","protected":false},"author":579,"featured_media":148896,"parent":0,"menu_order":0,"comment_status":"closed","ping_status":"closed","template":"","meta":{"slim_seo":{"title":"Aiguasol al projecte BIOCAFA: impulsant un model de bioeconomia circular a la Terra Alta - Aiguasol","description":"Participem en el projecte BIOCAFA (liderat pel Cl\u00faster de la Bioenergia de Catalunya) aportant la nostra experi\u00e8ncia en la viabilitat i desenvolupament de model"},"_slim_seo_primary_term_portfolio_category":0,"footnotes":""},"portfolio_category":[148,204,184],"class_list":["post-148899","portfolio","type-portfolio","status-publish","has-post-thumbnail","hentry","portfolio_category-district-networks-and-large-scale-energy-generation-ca","portfolio_category-comunitats-energetiques","portfolio_category-bioenergia"],"_links":{"self":[{"href":"https:\/\/aiguasol.coop\/ca\/wp-json\/wp\/v2\/portfolio\/148899","targetHints":{"allow":["GET"]}}],"collection":[{"href":"https:\/\/aiguasol.coop\/ca\/wp-json\/wp\/v2\/portfolio"}],"about":[{"href":"https:\/\/aiguasol.coop\/ca\/wp-json\/wp\/v2\/types\/portfolio"}],"author":[{"embeddable":true,"href":"https:\/\/aiguasol.coop\/ca\/wp-json\/wp\/v2\/users\/579"}],"replies":[{"embeddable":true,"href":"https:\/\/aiguasol.coop\/ca\/wp-json\/wp\/v2\/comments?post=148899"}],"version-history":[{"count":4,"href":"https:\/\/aiguasol.coop\/ca\/wp-json\/wp\/v2\/portfolio\/148899\/revisions"}],"predecessor-version":[{"id":148907,"href":"https:\/\/aiguasol.coop\/ca\/wp-json\/wp\/v2\/portfolio\/148899\/revisions\/148907"}],"wp:featuredmedia":[{"embeddable":true,"href":"https:\/\/aiguasol.coop\/ca\/wp-json\/wp\/v2\/media\/148896"}],"wp:attachment":[{"href":"https:\/\/aiguasol.coop\/ca\/wp-json\/wp\/v2\/media?parent=148899"}],"wp:term":[{"taxonomy":"portfolio_category","embeddable":true,"href":"https:\/\/aiguasol.coop\/ca\/wp-json\/wp\/v2\/portfolio_category?post=148899"}],"curies":[{"name":"wp","href":"https:\/\/api.w.org\/{rel}","templated":true}]}}