{"id":8605,"date":"2016-06-14T08:04:16","date_gmt":"2016-06-14T08:04:16","guid":{"rendered":"https:\/\/aiguasol.coop\/intensidad-energetica-en-industria\/"},"modified":"2024-04-04T09:35:17","modified_gmt":"2024-04-04T09:35:17","slug":"intensitat-energetica","status":"publish","type":"page","link":"https:\/\/aiguasol.coop\/ca\/solucions\/intensitat-energetica\/","title":{"rendered":"Intensitat Energ\u00e8tica a Ind\u00fastria"},"content":{"rendered":"<div class=\"wpb-content-wrapper\"><p>[vc_row row_height_percent=\u00bb0&#8243; override_padding=\u00bbyes\u00bb h_padding=\u00bb2&#8243; top_padding=\u00bb2&#8243; bottom_padding=\u00bb0&#8243; overlay_alpha=\u00bb50&#8243; gutter_size=\u00bb3&#8243; shift_y=\u00bb0&#8243;][vc_column column_width_use_pixel=\u00bbyes\u00bb align_horizontal=\u00bbalign_center\u00bb gutter_size=\u00bb3&#8243; overlay_alpha=\u00bb50&#8243; shift_x=\u00bb0&#8243; shift_y=\u00bb0&#8243; z_index=\u00bb0&#8243; medium_width=\u00bb0&#8243; width=\u00bb1\/1&#8243; column_width_pixel=\u00bb800&#8243; css=\u00bb.vc_custom_1468419031096{border-top-width: 20px !important;border-bottom-width: 20px !important;padding-top: 60px !important;padding-bottom: 60px !important;}\u00bb][vc_custom_heading text_color=\u00bbcolor-wvjs\u00bb text_size=\u00bbh1&#8243; el_class=\u00bbas-solucions\u00bb]<span class=\"font-377884\">D&#8217;en\u00e7\u00e0 1999 optimitzem qualsevol proc\u00e9s industrial que requereixi calor, des de cellers a asfalts, fins al sector l\u00e0ctic o miner.<\/span>[\/vc_custom_heading][\/vc_column][\/vc_row][vc_row row_height_percent=\u00bb0&#8243; override_padding=\u00bbyes\u00bb h_padding=\u00bb0&#8243; top_padding=\u00bb0&#8243; bottom_padding=\u00bb2&#8243; overlay_alpha=\u00bb50&#8243; gutter_size=\u00bb3&#8243; shift_y=\u00bb0&#8243;][vc_column column_width_use_pixel=\u00bbyes\u00bb gutter_size=\u00bb3&#8243; overlay_alpha=\u00bb50&#8243; shift_x=\u00bb0&#8243; shift_y=\u00bb0&#8243; z_index=\u00bb0&#8243; medium_width=\u00bb0&#8243; width=\u00bb1\/1&#8243; column_width_pixel=\u00bb800&#8243;][vc_single_image media=\u00bb6298&#8243; media_width_percent=\u00bb100&#8243;][\/vc_column][\/vc_row][vc_row row_height_percent=\u00bb0&#8243; back_color=\u00bbcolor-gyho\u00bb overlay_alpha=\u00bb50&#8243; gutter_size=\u00bb3&#8243; shift_y=\u00bb0&#8243;][vc_column column_width_use_pixel=\u00bbyes\u00bb align_horizontal=\u00bbalign_center\u00bb gutter_size=\u00bb3&#8243; overlay_alpha=\u00bb50&#8243; shift_x=\u00bb0&#8243; shift_y=\u00bb0&#8243; z_index=\u00bb0&#8243; medium_width=\u00bb0&#8243; width=\u00bb1\/1&#8243; column_width_pixel=\u00bb800&#8243;][vc_custom_heading separator=\u00bbyes\u00bb separator_color=\u00bbyes\u00bb]El consum energ\u00e8tic de la ind\u00fastria suposa aproximadament un 40% del consum energ\u00e8tic mundial[\/vc_custom_heading][\/vc_column][\/vc_row][vc_row row_height_percent=\u00bb0&#8243; back_color=\u00bbcolor-gyho\u00bb overlay_alpha=\u00bb50&#8243; gutter_size=\u00bb3&#8243; shift_y=\u00bb0&#8243;][vc_column column_width_use_pixel=\u00bbyes\u00bb gutter_size=\u00bb0&#8243; overlay_alpha=\u00bb50&#8243; shift_x=\u00bb0&#8243; shift_y=\u00bb0&#8243; z_index=\u00bb0&#8243; medium_width=\u00bb0&#8243; width=\u00bb1\/1&#8243; css=\u00bb.vc_custom_1468513629222{border-left-width: 0px !important;padding-left: 0px !important;}\u00bb column_width_pixel=\u00bb800&#8243;][vc_column_text]El consum energ\u00e8tic al sector de la ind\u00fastria varia segons com es defineixi l&#8217;abast del mateix, per\u00f2 sempre des d&#8217;un m\u00ednim del 40% del consum energ\u00e8tic mundial.<\/p>\n<p>Parlem d&#8217;un sector especialment complex pel que fa a la dispersi\u00f3 de casu\u00edstiques que poden anar des d&#8217;agroalimentari al miner, per\u00f2 tamb\u00e9 en ser grans consumidors amb m\u00faltiples usos i per les realitats pr\u00f2pies dels models de negoci.<\/p>\n<p>Tot aix\u00f2, a m\u00e9s de l&#8217;escalada dels costos de l&#8217;energia, implica un potencial de negoci clarament atractiu per a les propietats per\u00f2 tamb\u00e9 per a tercers inversors.[\/vc_column_text][\/vc_column][\/vc_row][vc_row][vc_column column_width_use_pixel=\u00bbyes\u00bb align_horizontal=\u00bbalign_center\u00bb gutter_size=\u00bb3&#8243; overlay_alpha=\u00bb50&#8243; shift_x=\u00bb0&#8243; shift_y=\u00bb0&#8243; z_index=\u00bb0&#8243; medium_width=\u00bb0&#8243; width=\u00bb1\/1&#8243; column_width_pixel=\u00bb800&#8243;][vc_custom_heading separator=\u00bbyes\u00bb separator_color=\u00bbyes\u00bb]Qu\u00e8 oferim[\/vc_custom_heading][\/vc_column][\/vc_row][vc_row row_height_percent=\u00bb0&#8243; overlay_alpha=\u00bb50&#8243; gutter_size=\u00bb3&#8243; shift_y=\u00bb0&#8243;][vc_column column_width_use_pixel=\u00bbyes\u00bb gutter_size=\u00bb3&#8243; overlay_alpha=\u00bb50&#8243; shift_x=\u00bb0&#8243; shift_y=\u00bb0&#8243; z_index=\u00bb0&#8243; medium_width=\u00bb0&#8243; width=\u00bb1\/1&#8243; column_width_pixel=\u00bb800&#8243;][vc_column_text]<\/p>\n<blockquote><p>Sobre la base de l&#8217;experi\u00e8ncia acumulada amb clients privats, per\u00f2 tamb\u00e9 en subsectors amb projectes d&#8217;investigaci\u00f3 europeus, oferim valoracions contextualitzades de benchmarking per a processos. En primera inst\u00e0ncia, aix\u00f2 permet detectar oportunitats de negoci sobre la base d&#8217;estalvis en operaci\u00f3 o inversions amb taxes de retorn atractives.<\/p><\/blockquote>\n<p>[\/vc_column_text][\/vc_column][\/vc_row][vc_row row_height_percent=\u00bb0&#8243; override_padding=\u00bbyes\u00bb h_padding=\u00bb2&#8243; top_padding=\u00bb2&#8243; bottom_padding=\u00bb0&#8243; overlay_alpha=\u00bb50&#8243; gutter_size=\u00bb3&#8243; shift_y=\u00bb0&#8243;][vc_column column_width_use_pixel=\u00bbyes\u00bb gutter_size=\u00bb3&#8243; overlay_alpha=\u00bb50&#8243; shift_x=\u00bb0&#8243; shift_y=\u00bb0&#8243; z_index=\u00bb0&#8243; medium_width=\u00bb0&#8243; width=\u00bb1\/1&#8243; column_width_pixel=\u00bb800&#8243;][vc_column_text]Dibuixem el flux energ\u00e8tic per tal de detectar els actius ocults a l&#8217;empla\u00e7ament i proposem actuacions per explotar-los:<\/p>\n<ul>\n<li>Integraci\u00f3 de processos<\/li>\n<li>Reutilitzaci\u00f3 de calor residual<\/li>\n<li>Integraci\u00f3 d&#8217;energies renovables<\/li>\n<li>Optimitzaci\u00f3 de factura energ\u00e8tica<\/li>\n<li>Valoritzaci\u00f3 de residus<\/li>\n<li>Models de negoci per a inversions per tercers<\/li>\n<\/ul>\n<p>Per cada subsector, des d&#8217;agroalimentari a miner, asfalter, paperer o d&#8217;altres, plantegem no nom\u00e9s inversions en millora, sin\u00f3 d&#8217;integraci\u00f3 de processos que permetin el m\u00e0xim aprofitament de l&#8217;energia prim\u00e0ria per als diferents usos. Especialistes en processos t\u00e8rmics, analitzem la interacci\u00f3 i integraci\u00f3 de consums, optimitzant processos i pot\u00e8ncia, aix\u00ed com oferint solucions conceptuals per\u00f2 tamb\u00e9 de disseny de detall.<\/p>\n<p>Valorem inversions per a tercers en efici\u00e8ncia energ\u00e8tica i energies renovables integrades en proc\u00e9s, des del vessant energ\u00e8tic, per\u00f2 tamb\u00e9 de costos d&#8217;inversi\u00f3, manteniment i operaci\u00f3, per tal d&#8217;oferir indicadors clau a supervisar i viabilitats econ\u00f2miques amb retorns d&#8217;inversi\u00f3. Si es requereix, dissenyem o adaptem models de negoci per a una explotaci\u00f3 \u00f2ptima i uns guanys equilibrats entre les parts.<\/p>\n<p>Ajudem a l&#8217;adaptaci\u00f3 i acompliment normatiu d&#8217;escenaris, justificant t\u00e8cnicament les normatives de refer\u00e8ncia per casos.[\/vc_column_text][\/vc_column][\/vc_row][vc_row row_height_percent=\u00bb0&#8243; override_padding=\u00bbyes\u00bb h_padding=\u00bb0&#8243; top_padding=\u00bb0&#8243; bottom_padding=\u00bb2&#8243; overlay_alpha=\u00bb50&#8243; gutter_size=\u00bb3&#8243; shift_y=\u00bb0&#8243;][vc_column column_width_use_pixel=\u00bbyes\u00bb gutter_size=\u00bb3&#8243; overlay_alpha=\u00bb50&#8243; shift_x=\u00bb0&#8243; shift_y=\u00bb0&#8243; z_index=\u00bb0&#8243; medium_width=\u00bb0&#8243; width=\u00bb1\/1&#8243; column_width_pixel=\u00bb800&#8243;][vc_single_image media=\u00bb6294&#8243; media_width_percent=\u00bb100&#8243;][\/vc_column][\/vc_row][vc_row row_height_percent=\u00bb0&#8243; back_color=\u00bbcolor-xsdn\u00bb overlay_alpha=\u00bb50&#8243; gutter_size=\u00bb3&#8243; column_width_percent=\u00bb100&#8243; shift_y=\u00bb0&#8243; z_index=\u00bb0&#8243;][vc_column column_width_use_pixel=\u00bbyes\u00bb align_horizontal=\u00bbalign_center\u00bb gutter_size=\u00bb3&#8243; overlay_alpha=\u00bb50&#8243; shift_x=\u00bb0&#8243; shift_y=\u00bb0&#8243; shift_y_down=\u00bb0&#8243; z_index=\u00bb0&#8243; medium_width=\u00bb0&#8243; mobile_width=\u00bb0&#8243; width=\u00bb1\/1&#8243; column_width_pixel=\u00bb800&#8243;][vc_custom_heading separator=\u00bbyes\u00bb separator_color=\u00bbyes\u00bb]Programari que emprem[\/vc_custom_heading][\/vc_column][\/vc_row][vc_row row_height_percent=\u00bb0&#8243; back_color=\u00bbcolor-xsdn\u00bb overlay_alpha=\u00bb50&#8243; gutter_size=\u00bb3&#8243; column_width_percent=\u00bb100&#8243; shift_y=\u00bb0&#8243; z_index=\u00bb0&#8243;][vc_column column_width_percent=\u00bb100&#8243; gutter_size=\u00bb3&#8243; overlay_alpha=\u00bb50&#8243; shift_x=\u00bb0&#8243; shift_y=\u00bb0&#8243; shift_y_down=\u00bb0&#8243; z_index=\u00bb0&#8243; medium_width=\u00bb0&#8243; mobile_width=\u00bb0&#8243; width=\u00bb1\/1&#8243; uncode_shortcode_id=\u00bb116394&#8243;][uncode_index el_id=\u00bbindex-213191&#8243; isotope_mode=\u00bbfitRows\u00bb loop=\u00bbsize:10|order_by:date|post_type:product|taxonomy_count:10&#8243; screen_lg=\u00bb1000&#8243; screen_md=\u00bb600&#8243; screen_sm=\u00bb480&#8243; gutter_size=\u00bb3&#8243; product_items=\u00bbtitle,media|featured|onpost|original|hide-sale|inherit-atc|inherit-w-atc|show-atc,text|excerpt,category|nobg|relative|display-icon\u00bb single_width=\u00bb3&#8243; single_overlay_opacity=\u00bb50&#8243; single_padding=\u00bb2&#8243; single_border=\u00bbyes\u00bb uncode_shortcode_id=\u00bb131948&#8243;][\/vc_column][\/vc_row][vc_row row_height_percent=\u00bb0&#8243; back_color=\u00bbcolor-xsdn\u00bb overlay_alpha=\u00bb50&#8243; gutter_size=\u00bb3&#8243; column_width_percent=\u00bb100&#8243; shift_y=\u00bb0&#8243; z_index=\u00bb0&#8243;][vc_column column_width_use_pixel=\u00bbyes\u00bb align_horizontal=\u00bbalign_center\u00bb gutter_size=\u00bb3&#8243; overlay_alpha=\u00bb50&#8243; shift_x=\u00bb0&#8243; shift_y=\u00bb0&#8243; z_index=\u00bb0&#8243; medium_width=\u00bb0&#8243; width=\u00bb1\/1&#8243; column_width_pixel=\u00bb800&#8243;][vc_custom_heading separator=\u00bbyes\u00bb separator_color=\u00bbyes\u00bb]Com ho fem[\/vc_custom_heading][\/vc_column][\/vc_row][vc_row row_height_percent=\u00bb0&#8243; back_color=\u00bbcolor-xsdn\u00bb overlay_alpha=\u00bb50&#8243; gutter_size=\u00bb3&#8243; column_width_percent=\u00bb100&#8243; shift_y=\u00bb0&#8243; z_index=\u00bb0&#8243;][vc_column column_width_use_pixel=\u00bbyes\u00bb gutter_size=\u00bb3&#8243; overlay_alpha=\u00bb50&#8243; shift_x=\u00bb0&#8243; shift_y=\u00bb0&#8243; z_index=\u00bb0&#8243; medium_width=\u00bb0&#8243; width=\u00bb1\/1&#8243; column_width_pixel=\u00bb800&#8243;][vc_column_text]Amb un primer projecte sobre integraci\u00f3 d&#8217;energia solar en processos industrials (des de malteres cerveseres, a l\u00e0ctiques o neteja industrial de vehicles), hem anat integrant el coneixement de diferents processos en subsectors de la ind\u00fastria. Amb diferents projectes europeus hem desenvolupat metodologies i eines que integrin el coneixement i ens permeten dur a terme des d&#8217;an\u00e0lisis de benchmarking a valoracions d&#8217;inversions i integraci\u00f3 de processos.<\/p>\n<p>Ja sigui en projectes demostratius com en projectes directes de client, hem anat implementant les metodologies pr\u00f2pies i de tercers, amb l&#8217;\u00fas de programes de detall espec\u00edfics, tant desenvolupats internament com de tercers.<\/p>\n<p>Coneixem els principals prove\u00efdors del mercat i gestionem amb ells les valoracions d&#8217;inversions, sempre de manera independent i donant opcions a la propietat. El nostre coneixement del sector financer en inversi\u00f3 tamb\u00e9 ens permet de definir o modular models de negoci, tant en inversi\u00f3 pr\u00f2pia com per tercers que, si es requereix, podem aportar al projecte.[\/vc_column_text][\/vc_column][\/vc_row][vc_row unlock_row_content=\u00bbyes\u00bb row_height_percent=\u00bb0&#8243; override_padding=\u00bbyes\u00bb h_padding=\u00bb2&#8243; top_padding=\u00bb3&#8243; bottom_padding=\u00bb3&#8243; overlay_alpha=\u00bb0&#8243; gutter_size=\u00bb3&#8243; shift_y=\u00bb0&#8243;][vc_column column_width_percent=\u00bb100&#8243; position_vertical=\u00bbmiddle\u00bb align_horizontal=\u00bbalign_center\u00bb gutter_size=\u00bb2&#8243; style=\u00bbdark\u00bb overlay_alpha=\u00bb50&#8243; shift_x=\u00bb0&#8243; shift_y=\u00bb0&#8243; z_index=\u00bb0&#8243; medium_width=\u00bb0&#8243; zoom_width=\u00bb0&#8243; zoom_height=\u00bb0&#8243; width=\u00bb1\/1&#8243;][vc_button button_color=\u00bbcolor-jevc\u00bb radius=\u00bbbtn-circle\u00bb link=\u00bburl:%2Fca%2Fcontacte%2F|title:contacto||\u00bb]Encetem un nou projecte[\/vc_button][\/vc_column][\/vc_row][vc_row][vc_column column_width_use_pixel=\u00bbyes\u00bb align_horizontal=\u00bbalign_center\u00bb gutter_size=\u00bb3&#8243; overlay_alpha=\u00bb50&#8243; shift_x=\u00bb0&#8243; shift_y=\u00bb0&#8243; z_index=\u00bb0&#8243; medium_width=\u00bb0&#8243; width=\u00bb1\/1&#8243; column_width_pixel=\u00bb800&#8243;][vc_custom_heading separator=\u00bbyes\u00bb separator_color=\u00bbyes\u00bb]Projectes Destacats[\/vc_custom_heading][\/vc_column][\/vc_row][vc_row][vc_column width=\u00bb1\/1&#8243;][uncode_index el_id=\u00bbindex-147654&#8243; loop=\u00bbsize:3|order_by:date|post_type:portfolio|tax_query:82&#8243; auto_query=\u00bbyes\u00bb screen_lg=\u00bb1000&#8243; screen_md=\u00bb600&#8243; screen_sm=\u00bb480&#8243; gutter_size=\u00bb3&#8243; portfolio_items=\u00bbtitle,media|featured|onpost|original,text|excerpt,category\u00bb single_overlay_opacity=\u00bb50&#8243; single_image_anim=\u00bbno\u00bb single_padding=\u00bb2&#8243; single_border=\u00bbyes\u00bb title=\u00bbProjects in Energy in Buildings\u00bb][\/vc_column][\/vc_row]<\/p>\n<\/div>","protected":false},"excerpt":{"rendered":"<p>Desde bodegas a asfaltos, pasando por el sector l\u00e1cteo o minero, optimizamos cualquier proceso industrial que requiera calor.<\/p>\n","protected":false},"author":1,"featured_media":0,"parent":8681,"menu_order":0,"comment_status":"closed","ping_status":"closed","template":"","meta":{"slim_seo":{"title":"Intensitat Energ\u00e8tica a Ind\u00fastria - Aiguasol","description":"Desde bodegas a asfaltos, pasando por el sector l\u00e1cteo o minero, optimizamos cualquier proceso industrial que requiera calor."},"_slim_seo_primary_term_page_category":0,"footnotes":""},"class_list":["post-8605","page","type-page","status-publish","hentry"],"_links":{"self":[{"href":"https:\/\/aiguasol.coop\/ca\/wp-json\/wp\/v2\/pages\/8605","targetHints":{"allow":["GET"]}}],"collection":[{"href":"https:\/\/aiguasol.coop\/ca\/wp-json\/wp\/v2\/pages"}],"about":[{"href":"https:\/\/aiguasol.coop\/ca\/wp-json\/wp\/v2\/types\/page"}],"author":[{"embeddable":true,"href":"https:\/\/aiguasol.coop\/ca\/wp-json\/wp\/v2\/users\/1"}],"replies":[{"embeddable":true,"href":"https:\/\/aiguasol.coop\/ca\/wp-json\/wp\/v2\/comments?post=8605"}],"version-history":[{"count":0,"href":"https:\/\/aiguasol.coop\/ca\/wp-json\/wp\/v2\/pages\/8605\/revisions"}],"up":[{"embeddable":true,"href":"https:\/\/aiguasol.coop\/ca\/wp-json\/wp\/v2\/pages\/8681"}],"wp:attachment":[{"href":"https:\/\/aiguasol.coop\/ca\/wp-json\/wp\/v2\/media?parent=8605"}],"curies":[{"name":"wp","href":"https:\/\/api.w.org\/{rel}","templated":true}]}}