{"id":8531,"date":"2016-06-14T07:59:32","date_gmt":"2016-06-14T07:59:32","guid":{"rendered":"https:\/\/aiguasol.coop\/redes-de-distrito-y-generacion-a-escala\/"},"modified":"2018-09-17T17:00:44","modified_gmt":"2018-09-17T17:00:44","slug":"xarxes-de-districte-i-generacio-a-escala","status":"publish","type":"page","link":"https:\/\/aiguasol.coop\/ca\/solucions\/xarxes-de-districte-i-generacio-a-escala\/","title":{"rendered":"Xarxes de Districte i Generaci\u00f3 a Escala"},"content":{"rendered":"<div class=\"wpb-content-wrapper\"><p>[vc_row row_height_percent=\u00bb0&#8243; override_padding=\u00bbyes\u00bb h_padding=\u00bb2&#8243; top_padding=\u00bb2&#8243; bottom_padding=\u00bb0&#8243; overlay_alpha=\u00bb50&#8243; gutter_size=\u00bb3&#8243; shift_y=\u00bb0&#8243;][vc_column column_width_use_pixel=\u00bbyes\u00bb align_horizontal=\u00bbalign_center\u00bb overlay_alpha=\u00bb50&#8243; gutter_size=\u00bb3&#8243; medium_width=\u00bb0&#8243; shift_x=\u00bb0&#8243; shift_y=\u00bb0&#8243; z_index=\u00bb0&#8243; width=\u00bb1\/1&#8243; column_width_pixel=\u00bb800&#8243; css=\u00bb.vc_custom_1468419031096{border-top-width: 20px !important;border-bottom-width: 20px !important;padding-top: 60px !important;padding-bottom: 60px !important;}\u00bb][vc_custom_heading text_size=\u00bbh1&#8243; text_color=\u00bbcolor-wvjs\u00bb el_class=\u00bbas-solucions\u00bb]<span class=\"font-377884\">M\u00e9s de 30 projectes de xarxes de districte i generaci\u00f3 energ\u00e8tica de llarg abast a diferents latituds, ens permeten d&#8217;oferir el coneixement i l&#8217;experi\u00e8ncia per definir les condicions i assegurar l\u00bb\u00e8xit d&#8217;aquestes intervencions.<\/span>[\/vc_custom_heading][\/vc_column][\/vc_row][vc_row row_height_percent=\u00bb0&#8243; override_padding=\u00bbyes\u00bb h_padding=\u00bb0&#8243; top_padding=\u00bb0&#8243; bottom_padding=\u00bb2&#8243; overlay_alpha=\u00bb50&#8243; gutter_size=\u00bb3&#8243; shift_y=\u00bb0&#8243;][vc_column column_width_use_pixel=\u00bbyes\u00bb overlay_alpha=\u00bb50&#8243; gutter_size=\u00bb3&#8243; medium_width=\u00bb0&#8243; shift_x=\u00bb0&#8243; shift_y=\u00bb0&#8243; z_index=\u00bb0&#8243; width=\u00bb1\/1&#8243; column_width_pixel=\u00bb800&#8243;][vc_single_image media=\u00bb6385&#8243; media_width_percent=\u00bb100&#8243;][\/vc_column][\/vc_row][vc_row row_height_percent=\u00bb0&#8243; back_color=\u00bbcolor-gyho\u00bb overlay_alpha=\u00bb50&#8243; gutter_size=\u00bb3&#8243; shift_y=\u00bb0&#8243;][vc_column column_width_use_pixel=\u00bbyes\u00bb align_horizontal=\u00bbalign_center\u00bb overlay_alpha=\u00bb50&#8243; gutter_size=\u00bb3&#8243; medium_width=\u00bb0&#8243; shift_x=\u00bb0&#8243; shift_y=\u00bb0&#8243; z_index=\u00bb0&#8243; width=\u00bb1\/1&#8243; column_width_pixel=\u00bb800&#8243;][vc_custom_heading separator=\u00bbyes\u00bb separator_color=\u00bbyes\u00bb]El marc visi\u00f3[\/vc_custom_heading][\/vc_column][\/vc_row][vc_row row_height_percent=\u00bb0&#8243; back_color=\u00bbcolor-gyho\u00bb overlay_alpha=\u00bb50&#8243; gutter_size=\u00bb3&#8243; shift_y=\u00bb0&#8243;][vc_column column_width_use_pixel=\u00bbyes\u00bb overlay_alpha=\u00bb50&#8243; gutter_size=\u00bb0&#8243; medium_width=\u00bb0&#8243; shift_x=\u00bb0&#8243; shift_y=\u00bb0&#8243; z_index=\u00bb0&#8243; width=\u00bb1\/1&#8243; css=\u00bb.vc_custom_1468513629222{border-left-width: 0px !important;padding-left: 0px !important;}\u00bb column_width_pixel=\u00bb800&#8243;][vc_column_text]La generaci\u00f3 energ\u00e8tica, entesa com la producci\u00f3 d&#8217;energia prim\u00e0ria en base a combustibles provinents de diferents fonts, \u00e9s la base del sector energ\u00e8tic i del consum a escala de la majoria d&#8217;usos. Una generaci\u00f3 eficient a escala inclou l&#8217;\u00fas de tecnologies d&#8217;alta efici\u00e8ncia, la integraci\u00f3 de producci\u00f3 renovable, el disseny d&#8217;ubicacions geoposicionades segons demanda i una gesti\u00f3 intel\u00b7ligent.[\/vc_column_text][\/vc_column][\/vc_row][vc_row][vc_column column_width_use_pixel=\u00bbyes\u00bb align_horizontal=\u00bbalign_center\u00bb overlay_alpha=\u00bb50&#8243; gutter_size=\u00bb3&#8243; medium_width=\u00bb0&#8243; shift_x=\u00bb0&#8243; shift_y=\u00bb0&#8243; z_index=\u00bb0&#8243; width=\u00bb1\/1&#8243; column_width_pixel=\u00bb800&#8243;][vc_custom_heading separator=\u00bbyes\u00bb separator_color=\u00bbyes\u00bb]Qu\u00e8 oferim[\/vc_custom_heading][\/vc_column][\/vc_row][vc_row row_height_percent=\u00bb0&#8243; overlay_alpha=\u00bb50&#8243; gutter_size=\u00bb3&#8243; shift_y=\u00bb0&#8243;][vc_column column_width_use_pixel=\u00bbyes\u00bb overlay_alpha=\u00bb50&#8243; gutter_size=\u00bb3&#8243; medium_width=\u00bb0&#8243; shift_x=\u00bb0&#8243; shift_y=\u00bb0&#8243; z_index=\u00bb0&#8243; width=\u00bb1\/1&#8243; column_width_pixel=\u00bb800&#8243;][vc_column_text]<\/p>\n<blockquote><p>Partint de barris i districtes existents o desenvolupaments de futur, dimensionem els sistemes, tant en generaci\u00f3 com en distribuci\u00f3 i connexi\u00f3 als edificis, oferint comparatives de les tecnologies \u00f2ptimes a cada cas, valorant l&#8217;escalabilitat dels sistemas per fases, el millor empla\u00e7ament i l&#8217;an\u00e0lisi cost-benefici.<\/p><\/blockquote>\n<p>[\/vc_column_text][\/vc_column][\/vc_row][vc_row row_height_percent=\u00bb0&#8243; override_padding=\u00bbyes\u00bb h_padding=\u00bb2&#8243; top_padding=\u00bb2&#8243; bottom_padding=\u00bb0&#8243; overlay_alpha=\u00bb50&#8243; gutter_size=\u00bb3&#8243; shift_y=\u00bb0&#8243;][vc_column column_width_use_pixel=\u00bbyes\u00bb overlay_alpha=\u00bb50&#8243; gutter_size=\u00bb3&#8243; medium_width=\u00bb0&#8243; shift_x=\u00bb0&#8243; shift_y=\u00bb0&#8243; z_index=\u00bb0&#8243; width=\u00bb1\/1&#8243; column_width_pixel=\u00bb800&#8243;][vc_column_text]Creiem que actuar en els inicis del recorregut permet assolir resultats comuns m\u00e9s eficients.<\/p>\n<p>Analitzem, plantegem i desenvolupem sistemes de generaci\u00f3 energ\u00e8tica de districte que permetin de reduir el consum d&#8217;energia prim\u00e0ria f\u00f2sil, tot considerant les emissions globals, els costos totals o ambd\u00f3s alhora.<\/p>\n<p>Oferim la inversi\u00f3 requerida i els models \u00f2ptims d&#8217;explotaci\u00f3, en base als costos totals del cicle de vida, incloent-hi el manteniment i la venda d&#8217;energia a tercers.<\/p>\n<p>Considerant processos concrets, dissenyem solucions a mida de generaci\u00f3 energ\u00e8tica renovable a gran escala. Valorem les necessitats de client i la ubicaci\u00f3 geogr\u00e0fica, per al desenvolupament de solucions adaptades tecnol\u00f2gicament de producci\u00f3 energ\u00e8tica renovable, tant per a un consum orientat a client, com per aportar energia verda en sistemes existents.<\/p>\n<p>Duem a terme projectes des del disseny conceptual als b\u00e0sics i executius, les direccions d&#8217;obra, posades en marxa i posterior seguiment. Supervisem plantejaments i sistemes existents, tant per verificar inversions, com per plantejar actuacions de millora i d&#8217;augment de la viabilitat econ\u00f2mica de les xarxes de districte.[\/vc_column_text][\/vc_column][\/vc_row][vc_row row_height_percent=\u00bb0&#8243; override_padding=\u00bbyes\u00bb h_padding=\u00bb0&#8243; top_padding=\u00bb0&#8243; bottom_padding=\u00bb0&#8243; overlay_alpha=\u00bb50&#8243; gutter_size=\u00bb3&#8243; shift_y=\u00bb0&#8243;][vc_column column_width_use_pixel=\u00bbyes\u00bb overlay_alpha=\u00bb50&#8243; gutter_size=\u00bb3&#8243; medium_width=\u00bb0&#8243; shift_x=\u00bb0&#8243; shift_y=\u00bb0&#8243; z_index=\u00bb0&#8243; width=\u00bb1\/1&#8243; column_width_pixel=\u00bb800&#8243;][vc_single_image media=\u00bb6265&#8243; media_width_percent=\u00bb100&#8243;][\/vc_column][\/vc_row][vc_row row_height_percent=\u00bb0&#8243; back_color=\u00bbcolor-gyho\u00bb overlay_alpha=\u00bb50&#8243; gutter_size=\u00bb3&#8243; shift_y=\u00bb0&#8243;][vc_column column_width_use_pixel=\u00bbyes\u00bb align_horizontal=\u00bbalign_center\u00bb overlay_alpha=\u00bb50&#8243; gutter_size=\u00bb3&#8243; medium_width=\u00bb0&#8243; shift_x=\u00bb0&#8243; shift_y=\u00bb0&#8243; z_index=\u00bb0&#8243; width=\u00bb1\/1&#8243; column_width_pixel=\u00bb800&#8243;][vc_custom_heading separator=\u00bbyes\u00bb separator_color=\u00bbyes\u00bb]Com ho fem[\/vc_custom_heading][\/vc_column][\/vc_row][vc_row row_height_percent=\u00bb0&#8243; back_color=\u00bbcolor-gyho\u00bb overlay_alpha=\u00bb50&#8243; gutter_size=\u00bb3&#8243; shift_y=\u00bb0&#8243;][vc_column column_width_use_pixel=\u00bbyes\u00bb overlay_alpha=\u00bb50&#8243; gutter_size=\u00bb3&#8243; medium_width=\u00bb0&#8243; shift_x=\u00bb0&#8243; shift_y=\u00bb0&#8243; z_index=\u00bb0&#8243; width=\u00bb1\/1&#8243; column_width_pixel=\u00bb800&#8243;][vc_column_text]El primer pas \u00e9s analitzar en detall les necessitats de cada cas, determinant els consums existents i previstos, aix\u00ed como les condicions dels mateixos (geoposici\u00f3 dels consums, necessitats per usos, caracteritzaci\u00f3 d&#8217;escenaris). En valorar criteris energ\u00e8ticos i econ\u00f3mics, proposem solucions tecnol\u00f2giques adaptades, tant en generaci\u00f3 (eficient i\/o renovable), com en distribuci\u00f3, intercanvi i venda a tercers o autoconsum.<\/p>\n<p>Valorem tecnologies com calderes de gas natural o biomassa, geot\u00e8rmia de gran pot\u00e8ncia, bombes de calor, colectors solars t\u00e8rmics de mitja i alta temperatura (en base a tecnologies fresnel, tubs de buit o centrals de torre), producci\u00f3 fotovoltaica centralitzada o altres tecnologies renovables.[\/vc_column_text][\/vc_column][\/vc_row][vc_row row_height_percent=\u00bb0&#8243; back_color=\u00bbcolor-gyho\u00bb overlay_alpha=\u00bb50&#8243; gutter_size=\u00bb3&#8243; shift_y=\u00bb0&#8243;][vc_column column_width_use_pixel=\u00bbyes\u00bb overlay_alpha=\u00bb50&#8243; gutter_size=\u00bb3&#8243; medium_width=\u00bb0&#8243; shift_x=\u00bb0&#8243; shift_y=\u00bb0&#8243; z_index=\u00bb0&#8243; width=\u00bb1\/1&#8243; column_width_pixel=\u00bb800&#8243;][vc_column_text]Duem a terme an\u00e0lisis de detall de cost benefici al cicle de vida de les instal\u00b7lacions, per\u00f2 tamb\u00e9n en inversions per tercers amb taxes de retorn segons per\u00edodes d&#8217;explotaci\u00f3 i recuperaci\u00f3 de costos.<\/p>\n<p>Oferim informes orientats per actors, des de due diligences per a inversors, a estudis de viabilitat per a administracions p\u00fabliques, projectes executius o seguiment d&#8217;obra i documents de seguiment de sistemes en operaci\u00f3, aix\u00ed com documentacions administratives.[\/vc_column_text][\/vc_column][\/vc_row][vc_row unlock_row_content=\u00bbyes\u00bb row_height_percent=\u00bb0&#8243; override_padding=\u00bbyes\u00bb h_padding=\u00bb2&#8243; top_padding=\u00bb3&#8243; bottom_padding=\u00bb3&#8243; overlay_alpha=\u00bb0&#8243; gutter_size=\u00bb3&#8243; shift_y=\u00bb0&#8243;][vc_column column_width_percent=\u00bb100&#8243; position_vertical=\u00bbmiddle\u00bb align_horizontal=\u00bbalign_center\u00bb style=\u00bbdark\u00bb overlay_alpha=\u00bb50&#8243; gutter_size=\u00bb2&#8243; medium_width=\u00bb0&#8243; shift_x=\u00bb0&#8243; shift_y=\u00bb0&#8243; z_index=\u00bb0&#8243; zoom_width=\u00bb0&#8243; zoom_height=\u00bb0&#8243; width=\u00bb1\/1&#8243;][vc_button button_color=\u00bbcolor-jevc\u00bb radius=\u00bbbtn-circle\u00bb link=\u00bburl:%2Fca%2Fcontacte%2F|title:contacto||\u00bb]Encetem un nou projecte[\/vc_button][\/vc_column][\/vc_row][vc_row][vc_column column_width_use_pixel=\u00bbyes\u00bb align_horizontal=\u00bbalign_center\u00bb overlay_alpha=\u00bb50&#8243; gutter_size=\u00bb3&#8243; medium_width=\u00bb0&#8243; shift_x=\u00bb0&#8243; shift_y=\u00bb0&#8243; z_index=\u00bb0&#8243; width=\u00bb1\/1&#8243; column_width_pixel=\u00bb800&#8243;][vc_custom_heading separator=\u00bbyes\u00bb separator_color=\u00bbyes\u00bb]Projectes Destacats[\/vc_custom_heading][\/vc_column][\/vc_row][vc_row][vc_column width=\u00bb1\/1&#8243;][uncode_index el_id=\u00bbindex-147654&#8243; loop=\u00bbsize:3|order_by:date|post_type:portfolio|tax_query:81&#8243; auto_query=\u00bbyes\u00bb gutter_size=\u00bb3&#8243; portfolio_items=\u00bbtitle,media|featured|onpost|original,text|excerpt,category\u00bb screen_lg=\u00bb1000&#8243; screen_md=\u00bb600&#8243; screen_sm=\u00bb480&#8243; single_overlay_opacity=\u00bb50&#8243; single_image_anim=\u00bbno\u00bb single_padding=\u00bb2&#8243; single_border=\u00bbyes\u00bb title=\u00bbProjects in Energy in Buildings\u00bb][\/vc_column][\/vc_row]<\/p>\n<\/div>","protected":false},"excerpt":{"rendered":"<p>Ofrecemos la inversi\u00f3n requerida y los modelos \u00f3ptimos de explotaci\u00f3n, en base a los costes totales del ciclo de vida incluyendo el mantenimiento y la venta de energ\u00eda a terceros.<\/p>\n","protected":false},"author":1,"featured_media":0,"parent":8681,"menu_order":0,"comment_status":"closed","ping_status":"closed","template":"","meta":{"slim_seo":{"title":"Xarxes de Districte i Generaci\u00f3 a Escala - Aiguasol","description":"Ofrecemos la inversi\u00f3n requerida y los modelos \u00f3ptimos de explotaci\u00f3n, en base a los costes totales del ciclo de vida incluyendo el mantenimiento y la venta de"},"_slim_seo_primary_term_page_category":0,"footnotes":""},"class_list":["post-8531","page","type-page","status-publish","hentry"],"_links":{"self":[{"href":"https:\/\/aiguasol.coop\/ca\/wp-json\/wp\/v2\/pages\/8531","targetHints":{"allow":["GET"]}}],"collection":[{"href":"https:\/\/aiguasol.coop\/ca\/wp-json\/wp\/v2\/pages"}],"about":[{"href":"https:\/\/aiguasol.coop\/ca\/wp-json\/wp\/v2\/types\/page"}],"author":[{"embeddable":true,"href":"https:\/\/aiguasol.coop\/ca\/wp-json\/wp\/v2\/users\/1"}],"replies":[{"embeddable":true,"href":"https:\/\/aiguasol.coop\/ca\/wp-json\/wp\/v2\/comments?post=8531"}],"version-history":[{"count":0,"href":"https:\/\/aiguasol.coop\/ca\/wp-json\/wp\/v2\/pages\/8531\/revisions"}],"up":[{"embeddable":true,"href":"https:\/\/aiguasol.coop\/ca\/wp-json\/wp\/v2\/pages\/8681"}],"wp:attachment":[{"href":"https:\/\/aiguasol.coop\/ca\/wp-json\/wp\/v2\/media?parent=8531"}],"curies":[{"name":"wp","href":"https:\/\/api.w.org\/{rel}","templated":true}]}}